{"id":6177,"date":"2022-09-30T12:54:31","date_gmt":"2022-09-30T10:54:31","guid":{"rendered":"https:\/\/www.esssecaffe.com\/el-mundo-de-essse\/excelencia-certificada\/"},"modified":"2022-11-17T09:50:59","modified_gmt":"2022-11-17T08:50:59","slug":"excelencia-certificada","status":"publish","type":"page","link":"https:\/\/www.esssecaffe.com\/es\/el-mundo-de-essse\/excelencia-certificada\/","title":{"rendered":"Excelencia Certificada"},"content":{"rendered":"<!-- #### array(1) {\n  [\"fields\"]=>\n  array(3) {\n    [\"block_title\"]=>\n    string(0) \"\"\n    [\"title\"]=>\n    string(22) \"Excelencia Certificada\"\n    [\"image\"]=>\n    string(75) \"https:\/\/www.esssecaffe.com\/wp-content\/uploads\/2021\/10\/nostro-impegno-bg.jpg\"\n  }\n}\n--><div class=\"top-section top-section_min\" data-scroll-section>\n  <div class=\"mobile-gradient\"><\/div>\n  <div class=\"top-section__bg\" >\n    <div class=\"top-section__bg-inner\">\n      <div class=\"top-section__bg-img\" style=\"background-image: url(https:\/\/www.esssecaffe.com\/wp-content\/uploads\/2022\/09\/foto-banner.jpg)\" data-id=\"6169\"><\/div>\n    <\/div>\n  <\/div>\n  <div class=\"l-container\">\n    <div class=\"top-section__inner\">\n      <div class=\"top-section__info\" data-scroll>\n        <h1 class=\"main-title text-center reveal-text\" data-scroll>Excelencia Certificada<\/h1>\n      <\/div>\n    <\/div>\n  <\/div>\n<\/div>\n\n\n\n<div data-scroll-section class=\"l-container\" style=\"margin-bottom: 50px; margin-top: 30px;\"><nav class=\"woocommerce-breadcrumb rank-math-breadcrumb\"><span class=\"last\">Home<\/span><\/nav><\/div>\n\n<div id=\"\" class=\"specific-page-content\">\n\n<div id=\"\" class=\"info  reverse without-title\" data-scroll-section>\n    <div class=\"l-container\">\n        <div class=\"info__row\">\n            <div class=\"info__col info__col_left\">\n                                <div class=\"info__text\">\n                   <div class=\"fade-in-bottom\" data-scroll>\n                       <p>Essse Caff\u00e8 siempre ha defendido la b\u00fasqueda constante de la excelencia.<span class=\"Apple-converted-space\">\u00a0<\/span><\/p>\n<p>Gracias a una profunda especializaci\u00f3n, a la colaboraci\u00f3n con universidades y a los conocimientos de grandes expertos en la materia, Essse Caff\u00e8 se ha confirmado en el mercado como el caf\u00e9 de los profesionales. <span class=\"Apple-converted-space\">\u00a0<\/span><\/p>\n<p>Esta b\u00fasqueda constante de la mejor calidad ha permitido a la empresa obtener muchas certificaciones importantes. <span class=\"Apple-converted-space\">\u00a0<\/span><\/p>\n<p>Desde la fundaci\u00f3n de la empresa, hemos implementado un departamento de control de calidad cualificado y eficaz.<span class=\"Apple-converted-space\">\u00a0<\/span><\/p>\n                   <\/div>\n\t\t\t\t\t                         \t\t\t\t\t                   \n                <\/div>\n\t\t\t\t                    \t\t\t\t            <\/div>\n            <div class=\"info__col info__col_right\">\n\n                                \n                    <div class=\"image-container\">\n                                                    <div class=\"image-parallax-wrapper\">\n                                <div class=\"image-parallax black-overlay\"\n                                     style=\"background-image: url(https:\/\/www.esssecaffe.com\/wp-content\/uploads\/2022\/10\/Eccellenza-Certificata_big.jpg)\" data-scroll\n                                     data-scroll-speed=\"-3.5\"><\/div>\n                            <\/div>\n                                            <\/div>\n                \n                \n            <\/div>\n        <\/div>\n    <\/div>\n<\/div>\n\n\n<div class=\"accordeon-section accordeon-section_courses courses-section\" data-scroll-section>\n    <div class=\"l-container\">\n        <h2 class=\"section-title accordeon-section__title courses-section__title text-center reveal-text\" data-scroll=\"\">\n                    <\/h2>\n        <div class=\"accordeon-section__items-wrapper\">\n            <div class=\"accordeon-section__items courses-section__courses\">\n                \n                                    \n                        <div class=\"accordeon-section__item\">\n                            <div class=\"accordeon-section__item-inner certificate-item\">\n                                <div class=\"accordeon-section__item-header accordeon-section__item-header_certificate\">\n                                    <div class=\"certificate-item__icons\">\n                                    \n                                                                                                                                        <div class=\"certificate-item__icon\">\n                                                    <img loading=\"lazy\" decoding=\"async\" width=\"1\" height=\"1\" src=\"https:\/\/www.esssecaffe.com\/wp-content\/uploads\/2022\/11\/Group-3554.svg\" class=\"attachment-full size-full\" alt=\"\" \/>                                                <\/div>\n\n                                        \n                                    <\/div>\n                                    <div class=\"certificate-item__title\">CALIDAD<\/div>\n                                    <div class=\"accordeon-section__item-open\"><div class=\"accordeon-section__item-line\"><\/div><div class=\"accordeon-section__item-line\"><\/div><\/div>\n                                <\/div>\n                                <div class=\"accordeon-section__item-content\">\n                                    <div class=\"certificate-item__text\"><p>La excelencia de la empresa fue reconocida formalmente en 1996 con la certificaci\u00f3n de su sistema de gesti\u00f3n de la calidad seg\u00fan la norma UNI EN ISO 9002 y, desde 2002, con la certificaci\u00f3n seg\u00fan la norma ISO 9001.<\/p>\n<p>Un detalle sumamente importante, desde la primera emisi\u00f3n, el certificado garantiza no solo la elaboraci\u00f3n de los productos, sino tambi\u00e9n todas las actividades de servicio relacionadas, confirmando la atenci\u00f3n que Essse Caff\u00e8 presta a los propios productos y tambi\u00e9n a sus clientes.<\/p><\/div>\n                                <\/div>\n                            <\/div>\n                        <\/div>\n\n                    \n                        <div class=\"accordeon-section__item\">\n                            <div class=\"accordeon-section__item-inner certificate-item\">\n                                <div class=\"accordeon-section__item-header accordeon-section__item-header_certificate\">\n                                    <div class=\"certificate-item__icons\">\n                                    \n                                                                                                                                        <div class=\"certificate-item__icon\">\n                                                    <img loading=\"lazy\" decoding=\"async\" width=\"1\" height=\"1\" src=\"https:\/\/www.esssecaffe.com\/wp-content\/uploads\/2022\/11\/Logo-IEI-01.svg\" class=\"attachment-full size-full\" alt=\"logo-iei\" \/>                                                <\/div>\n\n                                        \n                                    <\/div>\n                                    <div class=\"certificate-item__title\">PRODUCTO<\/div>\n                                    <div class=\"accordeon-section__item-open\"><div class=\"accordeon-section__item-line\"><\/div><div class=\"accordeon-section__item-line\"><\/div><\/div>\n                                <\/div>\n                                <div class=\"accordeon-section__item-content\">\n                                    <div class=\"certificate-item__text\"><p>Desde 1998, Essse Caff\u00e8 es miembro del Instituto Nacional del Espresso Italiano, que ha reconocido a las mezclas para uso profesional la certificaci\u00f3n seg\u00fan la especificaci\u00f3n t\u00e9cnica n\u00famero 008 del caf\u00e9 espresso de la marca Espresso Italiano.<\/p><\/div>\n                                <\/div>\n                            <\/div>\n                        <\/div>\n\n                    \n                        <div class=\"accordeon-section__item\">\n                            <div class=\"accordeon-section__item-inner certificate-item\">\n                                <div class=\"accordeon-section__item-header accordeon-section__item-header_certificate\">\n                                    <div class=\"certificate-item__icons\">\n                                    \n                                                                                                                                        <div class=\"certificate-item__icon\">\n                                                    <img loading=\"lazy\" decoding=\"async\" width=\"1\" height=\"1\" src=\"https:\/\/www.esssecaffe.com\/wp-content\/uploads\/2022\/11\/Group-3556.svg\" class=\"attachment-full size-full\" alt=\"\" \/>                                                <\/div>\n\n                                        \n                                    <\/div>\n                                    <div class=\"certificate-item__title\">SEGURIDAD<\/div>\n                                    <div class=\"accordeon-section__item-open\"><div class=\"accordeon-section__item-line\"><\/div><div class=\"accordeon-section__item-line\"><\/div><\/div>\n                                <\/div>\n                                <div class=\"accordeon-section__item-content\">\n                                    <div class=\"certificate-item__text\"><p>La decisi\u00f3n de proteger al m\u00e1ximo a quienes trabajan en Essse Caff\u00e8 nos permiti\u00f3 obtener, en 2010, la certificaci\u00f3n de nuestro sistema de gesti\u00f3n de la salud y la seguridad de los trabajadores seg\u00fan la norma ISO 45001.<\/p><\/div>\n                                <\/div>\n                            <\/div>\n                        <\/div>\n\n                    \n                        <div class=\"accordeon-section__item\">\n                            <div class=\"accordeon-section__item-inner certificate-item\">\n                                <div class=\"accordeon-section__item-header accordeon-section__item-header_certificate\">\n                                    <div class=\"certificate-item__icons\">\n                                    \n                                                                                                                                        <div class=\"certificate-item__icon\">\n                                                    <img loading=\"lazy\" decoding=\"async\" width=\"1\" height=\"1\" src=\"https:\/\/www.esssecaffe.com\/wp-content\/uploads\/2022\/11\/Group-3560.svg\" class=\"attachment-full size-full\" alt=\"\" \/>                                                <\/div>\n\n                                        \n                                    <\/div>\n                                    <div class=\"certificate-item__title\">BALANCE<\/div>\n                                    <div class=\"accordeon-section__item-open\"><div class=\"accordeon-section__item-line\"><\/div><div class=\"accordeon-section__item-line\"><\/div><\/div>\n                                <\/div>\n                                <div class=\"accordeon-section__item-content\">\n                                    <div class=\"certificate-item__text\"><p>Desde 2004, sometemos nuestros estados financieros a la certificaci\u00f3n seg\u00fan el art\u00edculo 2409-ter del C\u00f3digo Civil por parte de uno de los organismos de auditor\u00eda m\u00e1s importantes, un acto de transparencia hacia nuestras partes interesadas<\/p><\/div>\n                                <\/div>\n                            <\/div>\n                        <\/div>\n\n                    \n                        <div class=\"accordeon-section__item\">\n                            <div class=\"accordeon-section__item-inner certificate-item\">\n                                <div class=\"accordeon-section__item-header accordeon-section__item-header_certificate\">\n                                    <div class=\"certificate-item__icons\">\n                                    \n                                                                                                                                        <div class=\"certificate-item__icon\">\n                                                    <img loading=\"lazy\" decoding=\"async\" width=\"1\" height=\"1\" src=\"https:\/\/www.esssecaffe.com\/wp-content\/uploads\/2022\/11\/Group-3558.svg\" class=\"attachment-full size-full\" alt=\"\" \/>                                                <\/div>\n\n                                        \n                                    <\/div>\n                                    <div class=\"certificate-item__title\">MEDIO AMBIENTE<\/div>\n                                    <div class=\"accordeon-section__item-open\"><div class=\"accordeon-section__item-line\"><\/div><div class=\"accordeon-section__item-line\"><\/div><\/div>\n                                <\/div>\n                                <div class=\"accordeon-section__item-content\">\n                                    <div class=\"certificate-item__text\"><p>Nuestro objetivo es la producci\u00f3n sostenible: utilizamos tecnolog\u00edas de punta, productos y envases respetuosos con el medio ambiente y nos esforzamos por reducir las emisiones.\u00a0Por ello, hace m\u00e1s de 20 a\u00f1os, obtuvimos la certificaci\u00f3n de nuestro sistema de gesti\u00f3n medioambiental seg\u00fan la norma ISO 14001.\u00a0<\/p><\/div>\n                                <\/div>\n                            <\/div>\n                        <\/div>\n\n                    \n                        <div class=\"accordeon-section__item\">\n                            <div class=\"accordeon-section__item-inner certificate-item\">\n                                <div class=\"accordeon-section__item-header accordeon-section__item-header_certificate\">\n                                    <div class=\"certificate-item__icons\">\n                                    \n                                                                                                                                        <div class=\"certificate-item__icon\">\n                                                    <img loading=\"lazy\" decoding=\"async\" width=\"1\" height=\"1\" src=\"https:\/\/www.esssecaffe.com\/wp-content\/uploads\/2022\/11\/Group-3605.svg\" class=\"attachment-full size-full\" alt=\"\" \/>                                                <\/div>\n\n                                                                                                                                        <div class=\"certificate-item__icon\">\n                                                    <img loading=\"lazy\" decoding=\"async\" width=\"1\" height=\"1\" src=\"https:\/\/www.esssecaffe.com\/wp-content\/uploads\/2022\/11\/Group-3603.svg\" class=\"attachment-full size-full\" alt=\"\" \/>                                                <\/div>\n\n                                        \n                                    <\/div>\n                                    <div class=\"certificate-item__title\">Halal y Kosher<\/div>\n                                    <div class=\"accordeon-section__item-open\"><div class=\"accordeon-section__item-line\"><\/div><div class=\"accordeon-section__item-line\"><\/div><\/div>\n                                <\/div>\n                                <div class=\"accordeon-section__item-content\">\n                                    <div class=\"certificate-item__text\"><p>A lo largo de los a\u00f1os hemos obtenido otras importantes certificaciones como garant\u00eda de nuestra atenci\u00f3n a las exigencias de los mercados internacionales en los que operamos.<\/p>\n<p>De hecho, nos hemos comprometido a seguir las normas de la certificaci\u00f3n Halal, lo que permite a las personas de fe musulmana disfrutar de nuestros productos.<\/p>\n<p>Adem\u00e1s, Essse Caff\u00e8 tambi\u00e9n cuenta con la certificaci\u00f3n Kosher para la exportaci\u00f3n a los mercados jud\u00edos.<\/p>\n<p>Ambas son certificaciones que garantizan que las fases de producci\u00f3n y envasado cumplen las normas \u00e9ticas de las religiones isl\u00e1mica y jud\u00eda.<\/p><\/div>\n                                <\/div>\n                            <\/div>\n                        <\/div>\n\n                    \n                        <div class=\"accordeon-section__item\">\n                            <div class=\"accordeon-section__item-inner certificate-item\">\n                                <div class=\"accordeon-section__item-header accordeon-section__item-header_certificate\">\n                                    <div class=\"certificate-item__icons\">\n                                    \n                                                                                                                                        <div class=\"certificate-item__icon\">\n                                                    <img loading=\"lazy\" decoding=\"async\" width=\"1\" height=\"1\" src=\"https:\/\/www.esssecaffe.com\/wp-content\/uploads\/2022\/11\/MicrosoftTeams-image.svg\" class=\"attachment-full size-full\" alt=\"\" \/>                                                <\/div>\n\n                                        \n                                    <\/div>\n                                    <div class=\"certificate-item__title\">EAC<\/div>\n                                    <div class=\"accordeon-section__item-open\"><div class=\"accordeon-section__item-line\"><\/div><div class=\"accordeon-section__item-line\"><\/div><\/div>\n                                <\/div>\n                                <div class=\"accordeon-section__item-content\">\n                                    <div class=\"certificate-item__text\"><p>Es un certificado de conformidad de los productos para Europa y Asia. Los productos de Essse Caff\u00e8 han superado todos los procedimientos de control de conformidad en uno de los Estados miembros de la Uni\u00f3n Aduanera (URASEC, que incluye a Rusia, Bielorrusia, Kazajist\u00e1n, Armenia y Kirguist\u00e1n) y cumplen los requisitos t\u00e9cnicos prescritos.<\/p><\/div>\n                                <\/div>\n                            <\/div>\n                        <\/div>\n\n                    \n                        <div class=\"accordeon-section__item\">\n                            <div class=\"accordeon-section__item-inner certificate-item\">\n                                <div class=\"accordeon-section__item-header accordeon-section__item-header_certificate\">\n                                    <div class=\"certificate-item__icons\">\n                                    \n                                                                                                                                        <div class=\"certificate-item__icon\">\n                                                    <img loading=\"lazy\" decoding=\"async\" width=\"1\" height=\"1\" src=\"https:\/\/www.esssecaffe.com\/wp-content\/uploads\/2022\/11\/Group-3562.svg\" class=\"attachment-full size-full\" alt=\"\" \/>                                                <\/div>\n\n                                        \n                                    <\/div>\n                                    <div class=\"certificate-item__title\">RAINFOREST ALLIANCE<\/div>\n                                    <div class=\"accordeon-section__item-open\"><div class=\"accordeon-section__item-line\"><\/div><div class=\"accordeon-section__item-line\"><\/div><\/div>\n                                <\/div>\n                                <div class=\"accordeon-section__item-content\">\n                                    <div class=\"certificate-item__text\"><p>Rainforest Alliance garantiza que el caf\u00e9 verde se cultiva dentro de una cadena de suministro sostenible y controlada, centrada en la preservaci\u00f3n de la biodiversidad y el respeto de los derechos de los trabajadores en los territorios de origen.<\/p>\n<p>De este compromiso nace la l\u00ednea Latitudini \u2013 Itinerari Sensoriali, los nuevos productos de origen \u00fanico en c\u00e1psulas Sistema Espresso Essse Caff\u00e8.<span class=\"Apple-converted-space\">\u00a0 \u00a0<\/span><\/p><\/div>\n                                <\/div>\n                            <\/div>\n                        <\/div>\n\n                    \n                        <div class=\"accordeon-section__item\">\n                            <div class=\"accordeon-section__item-inner certificate-item\">\n                                <div class=\"accordeon-section__item-header accordeon-section__item-header_certificate\">\n                                    <div class=\"certificate-item__icons\">\n                                    \n                                                                                                                                        <div class=\"certificate-item__icon\">\n                                                    <img loading=\"lazy\" decoding=\"async\" width=\"1\" height=\"1\" src=\"https:\/\/www.esssecaffe.com\/wp-content\/uploads\/2022\/11\/Group-3617.svg\" class=\"attachment-full size-full\" alt=\"\" \/>                                                <\/div>\n\n                                        \n                                    <\/div>\n                                    <div class=\"certificate-item__title\">MODELO ORGANIZATIVO D. LEGISLATIVO 231\/01<\/div>\n                                    <div class=\"accordeon-section__item-open\"><div class=\"accordeon-section__item-line\"><\/div><div class=\"accordeon-section__item-line\"><\/div><\/div>\n                                <\/div>\n                                <div class=\"accordeon-section__item-content\">\n                                    <div class=\"certificate-item__text\"><p>La tendencia natural del camino de mejora continua que a lo largo de los a\u00f1os nos ha llevado a alcanzar importantes metas, ha continuado desde 2022 con la adopci\u00f3n de nuestro propio Modelo Organizativo de acuerdo con el D. Legislativo 231\/2001.<\/p><\/div>\n                                <\/div>\n                            <\/div>\n                        <\/div>\n\n                                    \n            <\/div>\n        <\/div>\n    <\/div>\n<\/div>\n\n\n<\/div>","protected":false},"excerpt":{"rendered":"","protected":false},"author":95,"featured_media":6728,"parent":6169,"menu_order":575,"comment_status":"closed","ping_status":"closed","template":"","meta":{"inline_featured_image":false,"footnotes":""},"class_list":["post-6177","page","type-page","status-publish","has-post-thumbnail","hentry"],"_links":{"self":[{"href":"https:\/\/www.esssecaffe.com\/es\/wp-json\/wp\/v2\/pages\/6177","targetHints":{"allow":["GET"]}}],"collection":[{"href":"https:\/\/www.esssecaffe.com\/es\/wp-json\/wp\/v2\/pages"}],"about":[{"href":"https:\/\/www.esssecaffe.com\/es\/wp-json\/wp\/v2\/types\/page"}],"author":[{"embeddable":true,"href":"https:\/\/www.esssecaffe.com\/es\/wp-json\/wp\/v2\/users\/95"}],"replies":[{"embeddable":true,"href":"https:\/\/www.esssecaffe.com\/es\/wp-json\/wp\/v2\/comments?post=6177"}],"version-history":[{"count":0,"href":"https:\/\/www.esssecaffe.com\/es\/wp-json\/wp\/v2\/pages\/6177\/revisions"}],"up":[{"embeddable":true,"href":"https:\/\/www.esssecaffe.com\/es\/wp-json\/wp\/v2\/pages\/6169"}],"wp:featuredmedia":[{"embeddable":true,"href":"https:\/\/www.esssecaffe.com\/es\/wp-json\/wp\/v2\/media\/6728"}],"wp:attachment":[{"href":"https:\/\/www.esssecaffe.com\/es\/wp-json\/wp\/v2\/media?parent=6177"}],"curies":[{"name":"wp","href":"https:\/\/api.w.org\/{rel}","templated":true}]}}